{"id":66820,"date":"2024-10-02T05:32:37","date_gmt":"2024-10-02T05:32:37","guid":{"rendered":"https:\/\/thevisualcorner.net\/?post_type=portfolio&#038;p=66820"},"modified":"2024-10-02T07:33:15","modified_gmt":"2024-10-02T07:33:15","slug":"branding-minimalista-marca-personal-patricia-panos","status":"publish","type":"portfolio","link":"https:\/\/thevisualcorner.net\/es\/portfolio\/branding-minimalista-marca-personal-patricia-panos\/","title":{"rendered":"Patricia Pa\u00f1os branding minimalista marca personal"},"content":{"rendered":"\t\t<div data-elementor-type=\"wp-post\" data-elementor-id=\"66820\" class=\"elementor elementor-66820\" data-elementor-post-type=\"portfolio\">\n\t\t\t\t\t\t<section class=\"elementor-section elementor-top-section elementor-element elementor-element-6336e50c elementor-section-boxed elementor-section-height-default elementor-section-height-default\" data-id=\"6336e50c\" data-element_type=\"section\" data-e-type=\"section\" data-settings=\"{&quot;background_background&quot;:&quot;gradient&quot;}\">\n\t\t\t\t\t\t<div class=\"elementor-container elementor-column-gap-default\">\n\t\t\t\t\t<div class=\"elementor-column elementor-col-100 elementor-top-column elementor-element elementor-element-6d180b61\" data-id=\"6d180b61\" data-element_type=\"column\" data-e-type=\"column\">\n\t\t\t<div class=\"elementor-widget-wrap elementor-element-populated\">\n\t\t\t\t\t\t<div class=\"elementor-element elementor-element-7da73f5 elementor-widget elementor-widget-text-editor\" data-id=\"7da73f5\" data-element_type=\"widget\" data-e-type=\"widget\" data-widget_type=\"text-editor.default\">\n\t\t\t\t<div class=\"elementor-widget-container\">\n\t\t\t\t\t\t\t\t\t<h3 style=\"text-align: center;\">branding minimalista, dise\u00f1o y direcci\u00f3n creativa<\/h3><h1 style=\"text-align: center;\">PATRICIA PA\u00d1OS<\/h1>\t\t\t\t\t\t\t\t<\/div>\n\t\t\t\t<\/div>\n\t\t\t\t\t<\/div>\n\t\t<\/div>\n\t\t\t\t\t<\/div>\n\t\t<\/section>\n\t\t\t\t<section class=\"elementor-section elementor-top-section elementor-element elementor-element-dd6906e elementor-section-boxed elementor-section-height-default elementor-section-height-default\" data-id=\"dd6906e\" data-element_type=\"section\" data-e-type=\"section\" data-settings=\"{&quot;background_background&quot;:&quot;classic&quot;}\">\n\t\t\t\t\t\t<div class=\"elementor-container elementor-column-gap-wider\">\n\t\t\t\t\t<div class=\"elementor-column elementor-col-50 elementor-top-column elementor-element elementor-element-16085c3\" data-id=\"16085c3\" data-element_type=\"column\" data-e-type=\"column\">\n\t\t\t<div class=\"elementor-widget-wrap elementor-element-populated\">\n\t\t\t\t\t\t<div class=\"elementor-element elementor-element-bbbf7e7 elementor-widget elementor-widget-image\" data-id=\"bbbf7e7\" data-element_type=\"widget\" data-e-type=\"widget\" data-widget_type=\"image.default\">\n\t\t\t\t<div class=\"elementor-widget-container\">\n\t\t\t\t\t\t\t\t\t\t\t\t\t\t\t<img fetchpriority=\"high\" decoding=\"async\" width=\"533\" height=\"799\" src=\"https:\/\/thevisualcorner.net\/wp-content\/uploads\/2023\/10\/PatriciaPanos-ArtDirection-visualcorner.jpg\" class=\"attachment-full size-full wp-image-58404\" alt=\"Direcci\u00f3n creativa y dise\u00f1o minimalista para Patricia Pa\u00f1os por The Visual Corner\" srcset=\"https:\/\/thevisualcorner.net\/wp-content\/uploads\/2023\/10\/PatriciaPanos-ArtDirection-visualcorner.jpg 533w, https:\/\/thevisualcorner.net\/wp-content\/uploads\/2023\/10\/PatriciaPanos-ArtDirection-visualcorner-200x300.jpg 200w\" sizes=\"(max-width: 533px) 100vw, 533px\" \/>\t\t\t\t\t\t\t\t\t\t\t\t\t\t\t<\/div>\n\t\t\t\t<\/div>\n\t\t\t\t\t<\/div>\n\t\t<\/div>\n\t\t\t\t<div class=\"elementor-column elementor-col-50 elementor-top-column elementor-element elementor-element-abbbf15\" data-id=\"abbbf15\" data-element_type=\"column\" data-e-type=\"column\">\n\t\t\t<div class=\"elementor-widget-wrap elementor-element-populated\">\n\t\t\t\t\t\t<div class=\"elementor-element elementor-element-22ef623 elementor-widget elementor-widget-text-editor\" data-id=\"22ef623\" data-element_type=\"widget\" data-e-type=\"widget\" data-widget_type=\"text-editor.default\">\n\t\t\t\t<div class=\"elementor-widget-container\">\n\t\t\t\t\t\t\t\t\t<h2><em>Dise\u00f1o\u00a0minimalista<\/em> y <em>direcci\u00f3n de arte<\/em> para una<em> coach (de estilo) de vida\u00a0<\/em><\/h2>\t\t\t\t\t\t\t\t<\/div>\n\t\t\t\t<\/div>\n\t\t\t\t<div class=\"elementor-element elementor-element-1d5c52c elementor-widget elementor-widget-text-editor\" data-id=\"1d5c52c\" data-element_type=\"widget\" data-e-type=\"widget\" data-widget_type=\"text-editor.default\">\n\t\t\t\t<div class=\"elementor-widget-container\">\n\t\t\t\t\t\t\t\t\t<h3>CONTEXTO<\/h3><p>Patricia Pa\u00f1os, una coach de estilo de vida con un enfoque minimalista y profundo, lleg\u00f3 al estudio tras experimentar una transformaci\u00f3n personal significativa debido a una enfermedad. Aunque contaba con un nuevo logo para su marca personal, <strong>no estaba segura de c\u00f3mo desarrollar su identidad.<\/strong> Adem\u00e1s, <strong>su web no reflejaba completamente la esencia que sent\u00eda deb\u00eda transmitir.<\/strong><\/p><h3>NUESTRO ENFOQUE<\/h3><p>Al iniciar nuestro trabajo juntas, <strong>revisamos su identidad y exploramos c\u00f3mo aplicarla<\/strong> a sus productos clave, como su newsletter. Para destacar este servicio,<strong> dise\u00f1amos una sub-marca llamada *minima.lista*,<\/strong> que capturaba de manera clara y directa su mensaje. Tambi\u00e9n identificamos <strong>la necesidad de fotograf\u00edas profesionales<\/strong> que reflejaran su estilo: sencillo, impactante, c\u00e1lido, femenino y humano.<\/p>\t\t\t\t\t\t\t\t<\/div>\n\t\t\t\t<\/div>\n\t\t\t\t<div class=\"elementor-element elementor-element-0e2625f elementor-widget elementor-widget-button\" data-id=\"0e2625f\" data-element_type=\"widget\" data-e-type=\"widget\" data-widget_type=\"button.default\">\n\t\t\t\t<div class=\"elementor-widget-container\">\n\t\t\t\t\t\t\t\t\t<div class=\"elementor-button-wrapper\">\n\t\t\t\t\t<a class=\"elementor-button elementor-button-link elementor-size-sm\" href=\"#andraresult\">\n\t\t\t\t\t\t<span class=\"elementor-button-content-wrapper\">\n\t\t\t\t\t\t\t\t\t<span class=\"elementor-button-text\">El resultado?<\/span>\n\t\t\t\t\t<\/span>\n\t\t\t\t\t<\/a>\n\t\t\t\t<\/div>\n\t\t\t\t\t\t\t\t<\/div>\n\t\t\t\t<\/div>\n\t\t\t\t\t<\/div>\n\t\t<\/div>\n\t\t\t\t\t<\/div>\n\t\t<\/section>\n\t\t\t\t<section class=\"elementor-section elementor-top-section elementor-element elementor-element-c8cf8af elementor-section-boxed elementor-section-height-default elementor-section-height-default\" data-id=\"c8cf8af\" data-element_type=\"section\" data-e-type=\"section\" data-settings=\"{&quot;background_background&quot;:&quot;classic&quot;}\">\n\t\t\t\t\t\t<div class=\"elementor-container elementor-column-gap-no\">\n\t\t\t\t\t<div class=\"elementor-column elementor-col-100 elementor-top-column elementor-element elementor-element-9c3e97c\" data-id=\"9c3e97c\" data-element_type=\"column\" data-e-type=\"column\">\n\t\t\t<div class=\"elementor-widget-wrap elementor-element-populated\">\n\t\t\t\t\t\t<div class=\"elementor-element elementor-element-a540b1a elementor-widget elementor-widget-image\" data-id=\"a540b1a\" data-element_type=\"widget\" data-e-type=\"widget\" data-widget_type=\"image.default\">\n\t\t\t\t<div class=\"elementor-widget-container\">\n\t\t\t\t\t\t\t\t\t\t\t\t\t\t\t<img decoding=\"async\" width=\"2560\" height=\"1920\" src=\"https:\/\/thevisualcorner.net\/wp-content\/uploads\/2024\/10\/Patricia-Panos-branding-minimalista-thevisualcorner1-scaled.jpg\" class=\"attachment-full size-full wp-image-66829\" alt=\"Dise\u00f1o editorial minimalista para proyecto de marca personal Patricia Pa\u00f1os por The Visual Corner branding\" srcset=\"https:\/\/thevisualcorner.net\/wp-content\/uploads\/2024\/10\/Patricia-Panos-branding-minimalista-thevisualcorner1-scaled.jpg 2560w, https:\/\/thevisualcorner.net\/wp-content\/uploads\/2024\/10\/Patricia-Panos-branding-minimalista-thevisualcorner1-300x225.jpg 300w, https:\/\/thevisualcorner.net\/wp-content\/uploads\/2024\/10\/Patricia-Panos-branding-minimalista-thevisualcorner1-1024x768.jpg 1024w, https:\/\/thevisualcorner.net\/wp-content\/uploads\/2024\/10\/Patricia-Panos-branding-minimalista-thevisualcorner1-768x576.jpg 768w, https:\/\/thevisualcorner.net\/wp-content\/uploads\/2024\/10\/Patricia-Panos-branding-minimalista-thevisualcorner1-1536x1152.jpg 1536w, https:\/\/thevisualcorner.net\/wp-content\/uploads\/2024\/10\/Patricia-Panos-branding-minimalista-thevisualcorner1-2048x1536.jpg 2048w\" sizes=\"(max-width: 2560px) 100vw, 2560px\" \/>\t\t\t\t\t\t\t\t\t\t\t\t\t\t\t<\/div>\n\t\t\t\t<\/div>\n\t\t\t\t\t<\/div>\n\t\t<\/div>\n\t\t\t\t\t<\/div>\n\t\t<\/section>\n\t\t\t\t<section class=\"elementor-section elementor-top-section elementor-element elementor-element-24419d2 elementor-section-full_width elementor-section-height-default elementor-section-height-default\" data-id=\"24419d2\" data-element_type=\"section\" data-e-type=\"section\" data-settings=\"{&quot;background_background&quot;:&quot;classic&quot;}\">\n\t\t\t\t\t\t<div class=\"elementor-container elementor-column-gap-no\">\n\t\t\t\t\t<div class=\"elementor-column elementor-col-50 elementor-top-column elementor-element elementor-element-8a7c7b4\" data-id=\"8a7c7b4\" data-element_type=\"column\" data-e-type=\"column\">\n\t\t\t<div class=\"elementor-widget-wrap elementor-element-populated\">\n\t\t\t\t\t\t<div class=\"elementor-element elementor-element-fbf37ca elementor-widget elementor-widget-image\" data-id=\"fbf37ca\" data-element_type=\"widget\" data-e-type=\"widget\" data-widget_type=\"image.default\">\n\t\t\t\t<div class=\"elementor-widget-container\">\n\t\t\t\t\t\t\t\t\t\t\t\t\t\t\t<img decoding=\"async\" width=\"983\" height=\"1300\" src=\"https:\/\/thevisualcorner.net\/wp-content\/uploads\/2023\/10\/Patricia-Panos-contacto.jpg\" class=\"attachment-full size-full wp-image-52027\" alt=\"\" srcset=\"https:\/\/thevisualcorner.net\/wp-content\/uploads\/2023\/10\/Patricia-Panos-contacto.jpg 983w, https:\/\/thevisualcorner.net\/wp-content\/uploads\/2023\/10\/Patricia-Panos-contacto-227x300.jpg 227w, https:\/\/thevisualcorner.net\/wp-content\/uploads\/2023\/10\/Patricia-Panos-contacto-774x1024.jpg 774w, https:\/\/thevisualcorner.net\/wp-content\/uploads\/2023\/10\/Patricia-Panos-contacto-768x1016.jpg 768w\" sizes=\"(max-width: 983px) 100vw, 983px\" \/>\t\t\t\t\t\t\t\t\t\t\t\t\t\t\t<\/div>\n\t\t\t\t<\/div>\n\t\t\t\t\t<\/div>\n\t\t<\/div>\n\t\t\t\t<div class=\"elementor-column elementor-col-50 elementor-top-column elementor-element elementor-element-3756b62\" data-id=\"3756b62\" data-element_type=\"column\" data-e-type=\"column\">\n\t\t\t<div class=\"elementor-widget-wrap elementor-element-populated\">\n\t\t\t\t\t\t<div class=\"elementor-element elementor-element-192087a elementor-widget elementor-widget-image\" data-id=\"192087a\" data-element_type=\"widget\" data-e-type=\"widget\" data-widget_type=\"image.default\">\n\t\t\t\t<div class=\"elementor-widget-container\">\n\t\t\t\t\t\t\t\t\t\t\t\t\t\t\t<img loading=\"lazy\" decoding=\"async\" width=\"533\" height=\"799\" src=\"https:\/\/thevisualcorner.net\/wp-content\/uploads\/2023\/10\/Art-direction-TheVisualCorner.jpg\" class=\"attachment-full size-full wp-image-58402\" alt=\"\" srcset=\"https:\/\/thevisualcorner.net\/wp-content\/uploads\/2023\/10\/Art-direction-TheVisualCorner.jpg 533w, https:\/\/thevisualcorner.net\/wp-content\/uploads\/2023\/10\/Art-direction-TheVisualCorner-200x300.jpg 200w\" sizes=\"(max-width: 533px) 100vw, 533px\" \/>\t\t\t\t\t\t\t\t\t\t\t\t\t\t\t<\/div>\n\t\t\t\t<\/div>\n\t\t\t\t\t<\/div>\n\t\t<\/div>\n\t\t\t\t\t<\/div>\n\t\t<\/section>\n\t\t\t\t<section class=\"elementor-section elementor-top-section elementor-element elementor-element-2c801ad elementor-section-content-top elementor-section-boxed elementor-section-height-default elementor-section-height-default\" data-id=\"2c801ad\" data-element_type=\"section\" data-e-type=\"section\" data-settings=\"{&quot;background_background&quot;:&quot;classic&quot;}\">\n\t\t\t\t\t\t<div class=\"elementor-container elementor-column-gap-default\">\n\t\t\t\t\t<div class=\"elementor-column elementor-col-50 elementor-top-column elementor-element elementor-element-94c3eaf\" data-id=\"94c3eaf\" data-element_type=\"column\" data-e-type=\"column\">\n\t\t\t<div class=\"elementor-widget-wrap elementor-element-populated\">\n\t\t\t\t\t\t<div class=\"elementor-element elementor-element-21fecba elementor-widget elementor-widget-image\" data-id=\"21fecba\" data-element_type=\"widget\" data-e-type=\"widget\" data-widget_type=\"image.default\">\n\t\t\t\t<div class=\"elementor-widget-container\">\n\t\t\t\t\t\t\t\t\t\t\t\t\t\t\t<img loading=\"lazy\" decoding=\"async\" width=\"533\" height=\"799\" src=\"https:\/\/thevisualcorner.net\/wp-content\/uploads\/2024\/10\/Patricia-Panos-branding-minimalista-thevisualcorner3.jpg\" class=\"attachment-large size-large wp-image-66840\" alt=\"Fotograf\u00eda minimalista para proyecto de marca personal Patricia Pa\u00f1os por The Visual Corner branding\" srcset=\"https:\/\/thevisualcorner.net\/wp-content\/uploads\/2024\/10\/Patricia-Panos-branding-minimalista-thevisualcorner3.jpg 533w, https:\/\/thevisualcorner.net\/wp-content\/uploads\/2024\/10\/Patricia-Panos-branding-minimalista-thevisualcorner3-200x300.jpg 200w\" sizes=\"(max-width: 533px) 100vw, 533px\" \/>\t\t\t\t\t\t\t\t\t\t\t\t\t\t\t<\/div>\n\t\t\t\t<\/div>\n\t\t\t\t\t<\/div>\n\t\t<\/div>\n\t\t\t\t<div class=\"elementor-column elementor-col-50 elementor-top-column elementor-element elementor-element-9ffe28b\" data-id=\"9ffe28b\" data-element_type=\"column\" data-e-type=\"column\">\n\t\t\t<div class=\"elementor-widget-wrap elementor-element-populated\">\n\t\t\t\t\t\t<div class=\"elementor-element elementor-element-1b1d52d elementor-widget elementor-widget-image\" data-id=\"1b1d52d\" data-element_type=\"widget\" data-e-type=\"widget\" data-widget_type=\"image.default\">\n\t\t\t\t<div class=\"elementor-widget-container\">\n\t\t\t\t\t\t\t\t\t\t\t\t\t\t\t<img loading=\"lazy\" decoding=\"async\" width=\"533\" height=\"799\" src=\"https:\/\/thevisualcorner.net\/wp-content\/uploads\/2024\/10\/KI1A6409.jpg\" class=\"attachment-large size-large wp-image-66838\" alt=\"Fotograf\u00eda minimalista para proyecto de marca personal Patricia Pa\u00f1os por The Visual Corner branding\" srcset=\"https:\/\/thevisualcorner.net\/wp-content\/uploads\/2024\/10\/KI1A6409.jpg 533w, https:\/\/thevisualcorner.net\/wp-content\/uploads\/2024\/10\/KI1A6409-200x300.jpg 200w\" sizes=\"(max-width: 533px) 100vw, 533px\" \/>\t\t\t\t\t\t\t\t\t\t\t\t\t\t\t<\/div>\n\t\t\t\t<\/div>\n\t\t\t\t\t<\/div>\n\t\t<\/div>\n\t\t\t\t\t<\/div>\n\t\t<\/section>\n\t\t\t\t<section class=\"elementor-section elementor-top-section elementor-element elementor-element-6c1ac74 elementor-section-content-top elementor-section-boxed elementor-section-height-default elementor-section-height-default\" data-id=\"6c1ac74\" data-element_type=\"section\" data-e-type=\"section\" data-settings=\"{&quot;background_background&quot;:&quot;classic&quot;}\">\n\t\t\t\t\t\t<div class=\"elementor-container elementor-column-gap-default\">\n\t\t\t\t\t<div class=\"elementor-column elementor-col-50 elementor-top-column elementor-element elementor-element-db2176e\" data-id=\"db2176e\" data-element_type=\"column\" data-e-type=\"column\">\n\t\t\t<div class=\"elementor-widget-wrap elementor-element-populated\">\n\t\t\t\t\t\t<div class=\"elementor-element elementor-element-e954338 elementor-widget elementor-widget-image\" data-id=\"e954338\" data-element_type=\"widget\" data-e-type=\"widget\" data-widget_type=\"image.default\">\n\t\t\t\t<div class=\"elementor-widget-container\">\n\t\t\t\t\t\t\t\t\t\t\t\t\t\t\t<img loading=\"lazy\" decoding=\"async\" width=\"533\" height=\"799\" src=\"https:\/\/thevisualcorner.net\/wp-content\/uploads\/2024\/10\/Patricia-Panos-branding-minimalista-thevisualcorner33.jpg\" class=\"attachment-large size-large wp-image-66848\" alt=\"Fotograf\u00eda minimalista para proyecto de marca personal Patricia Pa\u00f1os por The Visual Corner branding\" srcset=\"https:\/\/thevisualcorner.net\/wp-content\/uploads\/2024\/10\/Patricia-Panos-branding-minimalista-thevisualcorner33.jpg 533w, https:\/\/thevisualcorner.net\/wp-content\/uploads\/2024\/10\/Patricia-Panos-branding-minimalista-thevisualcorner33-200x300.jpg 200w\" sizes=\"(max-width: 533px) 100vw, 533px\" \/>\t\t\t\t\t\t\t\t\t\t\t\t\t\t\t<\/div>\n\t\t\t\t<\/div>\n\t\t\t\t\t<\/div>\n\t\t<\/div>\n\t\t\t\t<div class=\"elementor-column elementor-col-50 elementor-top-column elementor-element elementor-element-77a7985\" data-id=\"77a7985\" data-element_type=\"column\" data-e-type=\"column\">\n\t\t\t<div class=\"elementor-widget-wrap elementor-element-populated\">\n\t\t\t\t\t\t<div class=\"elementor-element elementor-element-83f0326 elementor-widget elementor-widget-image\" data-id=\"83f0326\" data-element_type=\"widget\" data-e-type=\"widget\" data-widget_type=\"image.default\">\n\t\t\t\t<div class=\"elementor-widget-container\">\n\t\t\t\t\t\t\t\t\t\t\t\t\t\t\t<img loading=\"lazy\" decoding=\"async\" width=\"533\" height=\"799\" src=\"https:\/\/thevisualcorner.net\/wp-content\/uploads\/2024\/10\/Patricia-Panos-branding-minimalista-thevisualcorner9.jpg\" class=\"attachment-large size-large wp-image-66844\" alt=\"Fotograf\u00eda minimalista para proyecto de marca personal Patricia Pa\u00f1os por The Visual Corner branding\" srcset=\"https:\/\/thevisualcorner.net\/wp-content\/uploads\/2024\/10\/Patricia-Panos-branding-minimalista-thevisualcorner9.jpg 533w, https:\/\/thevisualcorner.net\/wp-content\/uploads\/2024\/10\/Patricia-Panos-branding-minimalista-thevisualcorner9-200x300.jpg 200w\" sizes=\"(max-width: 533px) 100vw, 533px\" \/>\t\t\t\t\t\t\t\t\t\t\t\t\t\t\t<\/div>\n\t\t\t\t<\/div>\n\t\t\t\t\t<\/div>\n\t\t<\/div>\n\t\t\t\t\t<\/div>\n\t\t<\/section>\n\t\t\t\t<section class=\"elementor-section elementor-top-section elementor-element elementor-element-0c74685 elementor-section-content-top elementor-section-boxed elementor-section-height-default elementor-section-height-default\" data-id=\"0c74685\" data-element_type=\"section\" data-e-type=\"section\" data-settings=\"{&quot;background_background&quot;:&quot;classic&quot;}\">\n\t\t\t\t\t\t<div class=\"elementor-container elementor-column-gap-default\">\n\t\t\t\t\t<div class=\"elementor-column elementor-col-100 elementor-top-column elementor-element elementor-element-9ca1609\" data-id=\"9ca1609\" data-element_type=\"column\" data-e-type=\"column\">\n\t\t\t<div class=\"elementor-widget-wrap elementor-element-populated\">\n\t\t\t\t\t\t<div class=\"elementor-element elementor-element-603657d andraresult elementor-widget elementor-widget-text-editor\" data-id=\"603657d\" data-element_type=\"widget\" data-e-type=\"widget\" id=\"andraresult\" data-widget_type=\"text-editor.default\">\n\t\t\t\t<div class=\"elementor-widget-container\">\n\t\t\t\t\t\t\t\t\t<h2 style=\"text-align: center;\"><em>Resultado<\/em><\/h2><p style=\"text-align: center;\">Trabajamos con Patricia para <strong>alinear su nueva identidad de marca con su visi\u00f3n personal.<\/strong> Creamos la sub-marca *minima.lista* para <strong>comunicar su mensaje de manera clara y directa<\/strong>, y realizamos una <b>sesi\u00f3n de fotos profesional<\/b> que reflejara su estilo c\u00e1lido y femenino. El resultado fue una <b>identidad coherente y aut\u00e9ntica <\/b>que le permiti\u00f3 <b>lanzar su proyecto con confianza.<\/b><\/p>\t\t\t\t\t\t\t\t<\/div>\n\t\t\t\t<\/div>\n\t\t\t\t<div class=\"elementor-element elementor-element-833c55e elementor-align-center elementor-widget elementor-widget-button\" data-id=\"833c55e\" data-element_type=\"widget\" data-e-type=\"widget\" data-widget_type=\"button.default\">\n\t\t\t\t<div class=\"elementor-widget-container\">\n\t\t\t\t\t\t\t\t\t<div class=\"elementor-button-wrapper\">\n\t\t\t\t\t<a class=\"elementor-button elementor-button-link elementor-size-sm\" href=\"#andratesti\">\n\t\t\t\t\t\t<span class=\"elementor-button-content-wrapper\">\n\t\t\t\t\t\t\t\t\t<span class=\"elementor-button-text\">En sus palabras<\/span>\n\t\t\t\t\t<\/span>\n\t\t\t\t\t<\/a>\n\t\t\t\t<\/div>\n\t\t\t\t\t\t\t\t<\/div>\n\t\t\t\t<\/div>\n\t\t\t\t\t<\/div>\n\t\t<\/div>\n\t\t\t\t\t<\/div>\n\t\t<\/section>\n\t\t\t\t<section class=\"elementor-section elementor-top-section elementor-element elementor-element-cc8d3ce elementor-section-full_width elementor-section-height-default elementor-section-height-default\" data-id=\"cc8d3ce\" data-element_type=\"section\" data-e-type=\"section\" data-settings=\"{&quot;background_background&quot;:&quot;classic&quot;}\">\n\t\t\t\t\t\t<div class=\"elementor-container elementor-column-gap-default\">\n\t\t\t\t\t<div class=\"elementor-column elementor-col-100 elementor-top-column elementor-element elementor-element-99a5669\" data-id=\"99a5669\" data-element_type=\"column\" data-e-type=\"column\">\n\t\t\t<div class=\"elementor-widget-wrap elementor-element-populated\">\n\t\t\t\t\t\t<div class=\"elementor-element elementor-element-97628b8 elementor-widget elementor-widget-image\" data-id=\"97628b8\" data-element_type=\"widget\" data-e-type=\"widget\" data-widget_type=\"image.default\">\n\t\t\t\t<div class=\"elementor-widget-container\">\n\t\t\t\t\t\t\t\t\t\t\t\t\t\t\t<img loading=\"lazy\" decoding=\"async\" width=\"2160\" height=\"1440\" src=\"https:\/\/thevisualcorner.net\/wp-content\/uploads\/2023\/10\/PatriciaPanos-minimalista-v1.jpeg\" class=\"attachment-full size-full wp-image-58444\" alt=\"Personal branding for Patricia Pa\u00f1os minimalist life coach by The VIsual Corner studio\" srcset=\"https:\/\/thevisualcorner.net\/wp-content\/uploads\/2023\/10\/PatriciaPanos-minimalista-v1.jpeg 2160w, https:\/\/thevisualcorner.net\/wp-content\/uploads\/2023\/10\/PatriciaPanos-minimalista-v1-300x200.jpeg 300w, https:\/\/thevisualcorner.net\/wp-content\/uploads\/2023\/10\/PatriciaPanos-minimalista-v1-1024x683.jpeg 1024w, https:\/\/thevisualcorner.net\/wp-content\/uploads\/2023\/10\/PatriciaPanos-minimalista-v1-768x512.jpeg 768w, https:\/\/thevisualcorner.net\/wp-content\/uploads\/2023\/10\/PatriciaPanos-minimalista-v1-1536x1024.jpeg 1536w, https:\/\/thevisualcorner.net\/wp-content\/uploads\/2023\/10\/PatriciaPanos-minimalista-v1-2048x1365.jpeg 2048w\" sizes=\"(max-width: 2160px) 100vw, 2160px\" \/>\t\t\t\t\t\t\t\t\t\t\t\t\t\t\t<\/div>\n\t\t\t\t<\/div>\n\t\t\t\t\t<\/div>\n\t\t<\/div>\n\t\t\t\t\t<\/div>\n\t\t<\/section>\n\t\t\t\t<section class=\"elementor-section elementor-top-section elementor-element elementor-element-4458049a elementor-section-boxed elementor-section-height-default elementor-section-height-default\" data-id=\"4458049a\" data-element_type=\"section\" data-e-type=\"section\" data-settings=\"{&quot;background_background&quot;:&quot;classic&quot;}\">\n\t\t\t\t\t\t<div class=\"elementor-container elementor-column-gap-default\">\n\t\t\t\t\t<div class=\"elementor-column elementor-col-100 elementor-top-column elementor-element elementor-element-5d25b0d1\" data-id=\"5d25b0d1\" data-element_type=\"column\" data-e-type=\"column\">\n\t\t\t<div class=\"elementor-widget-wrap elementor-element-populated\">\n\t\t\t\t\t\t<div class=\"elementor-element elementor-element-392eb0b elementor-widget elementor-widget-image\" data-id=\"392eb0b\" data-element_type=\"widget\" data-e-type=\"widget\" data-widget_type=\"image.default\">\n\t\t\t\t<div class=\"elementor-widget-container\">\n\t\t\t\t\t\t\t\t\t\t\t\t\t\t\t<img loading=\"lazy\" decoding=\"async\" width=\"200\" height=\"300\" src=\"https:\/\/thevisualcorner.net\/wp-content\/uploads\/2024\/10\/Patricia-Panos-branding-minimalista-thevisualcorner2-1-200x300.jpg\" class=\"attachment-medium size-medium wp-image-66852\" alt=\"Fotograf\u00eda minimalista para proyecto de marca personal Patricia Pa\u00f1os por The Visual Corner branding\" srcset=\"https:\/\/thevisualcorner.net\/wp-content\/uploads\/2024\/10\/Patricia-Panos-branding-minimalista-thevisualcorner2-1-200x300.jpg 200w, https:\/\/thevisualcorner.net\/wp-content\/uploads\/2024\/10\/Patricia-Panos-branding-minimalista-thevisualcorner2-1.jpg 533w\" sizes=\"(max-width: 200px) 100vw, 200px\" \/>\t\t\t\t\t\t\t\t\t\t\t\t\t\t\t<\/div>\n\t\t\t\t<\/div>\n\t\t\t\t<div class=\"elementor-element elementor-element-bbb3b8d andratesti elementor-widget elementor-widget-text-editor\" data-id=\"bbb3b8d\" data-element_type=\"widget\" data-e-type=\"widget\" id=\"andratesti\" data-widget_type=\"text-editor.default\">\n\t\t\t\t<div class=\"elementor-widget-container\">\n\t\t\t\t\t\t\t\t\t<p style=\"text-align: center;\">Trabajar con Mercy ha sido una verdadera <i>bocanada de aire fresco<\/i>. Su profesionalidad y seriedad son de 10, al igual que su <i>creatividad y talento.<\/i> Pero lo que m\u00e1s valoro es su <i>cercan\u00eda y disponibilidad.\u00a0<\/i>Cuando llegu\u00e9 al estudio, ten\u00eda una nueva identidad para mi marca personal, pero <i>no sab\u00eda c\u00f3mo aplicarla ni c\u00f3mo alinear mi web con lo que realmente sent\u00eda.<\/i>\u00a0Mercy no solo revis\u00f3 esa identidad, sino que <i>me gui\u00f3 para usarla de manera coherente y con prop\u00f3sito.\u00a0<\/i><\/p><p style=\"text-align: center;\">Juntas co-creamos la sub-marca <i>minima.lista,<\/i> que comunica <i>mi mensaje de forma clara y directa.<\/i> Tambi\u00e9n realizamos <i>una sesi\u00f3n de fotos perfecta<\/i>, con ese toque c\u00e1lido, cercano y femenino que necesitaba para <i>lanzar mi proyecto de manera coherente<\/i>. Estoy muy agradecida de haber trabajado con ella y con Lena, su fot\u00f3grafa de confianza para marcas personales como la m\u00eda.<\/p>\t\t\t\t\t\t\t\t<\/div>\n\t\t\t\t<\/div>\n\t\t\t\t<div class=\"elementor-element elementor-element-1722570e elementor-widget elementor-widget-text-editor\" data-id=\"1722570e\" data-element_type=\"widget\" data-e-type=\"widget\" data-widget_type=\"text-editor.default\">\n\t\t\t\t<div class=\"elementor-widget-container\">\n\t\t\t\t\t\t\t\t\t<h3 style=\"text-align: center;\">Patricia Pa\u00f1os<\/h3>\t\t\t\t\t\t\t\t<\/div>\n\t\t\t\t<\/div>\n\t\t\t\t\t<\/div>\n\t\t<\/div>\n\t\t\t\t\t<\/div>\n\t\t<\/section>\n\t\t\t\t<section class=\"elementor-section elementor-top-section elementor-element elementor-element-8921ab0 elementor-section-boxed elementor-section-height-default elementor-section-height-default\" data-id=\"8921ab0\" data-element_type=\"section\" data-e-type=\"section\" data-settings=\"{&quot;background_background&quot;:&quot;classic&quot;}\">\n\t\t\t\t\t\t<div class=\"elementor-container elementor-column-gap-default\">\n\t\t\t\t\t<div class=\"elementor-column elementor-col-100 elementor-top-column elementor-element elementor-element-1e8f61f\" data-id=\"1e8f61f\" data-element_type=\"column\" data-e-type=\"column\">\n\t\t\t<div class=\"elementor-widget-wrap elementor-element-populated\">\n\t\t\t\t\t\t<div class=\"elementor-element elementor-element-7f9d41d elementor-post-navigation-borders-yes elementor-widget elementor-widget-post-navigation\" data-id=\"7f9d41d\" data-element_type=\"widget\" data-e-type=\"widget\" data-widget_type=\"post-navigation.default\">\n\t\t\t\t<div class=\"elementor-widget-container\">\n\t\t\t\t\t\t\t<div class=\"elementor-post-navigation\" role=\"navigation\" aria-label=\"Navegaci\u00f3n de la entrada\">\n\t\t\t<div class=\"elementor-post-navigation__prev elementor-post-navigation__link\">\n\t\t\t\t<a href=\"https:\/\/thevisualcorner.net\/es\/portfolio\/branding-para-florista-y-diseno-web-nia-floral-art\/\" rel=\"prev\"><span class=\"post-navigation__arrow-wrapper post-navigation__arrow-prev\"><svg aria-hidden=\"true\" class=\"e-font-icon-svg e-fas-caret-left\" viewBox=\"0 0 192 512\" xmlns=\"http:\/\/www.w3.org\/2000\/svg\"><path d=\"M192 127.338v257.324c0 17.818-21.543 26.741-34.142 14.142L29.196 270.142c-7.81-7.81-7.81-20.474 0-28.284l128.662-128.662c12.599-12.6 34.142-3.676 34.142 14.142z\"><\/path><\/svg><span class=\"elementor-screen-only\">Ant<\/span><\/span><span class=\"elementor-post-navigation__link__prev\"><span class=\"post-navigation__prev--label\">Anterior<\/span><span class=\"post-navigation__prev--title\">Branding para florista y dise\u00f1o web Nia Floral Art<\/span><\/span><\/a>\t\t\t<\/div>\n\t\t\t\t\t\t\t<div class=\"elementor-post-navigation__separator-wrapper\">\n\t\t\t\t\t<div class=\"elementor-post-navigation__separator\"><\/div>\n\t\t\t\t<\/div>\n\t\t\t\t\t\t<div class=\"elementor-post-navigation__next elementor-post-navigation__link\">\n\t\t\t\t<a href=\"https:\/\/thevisualcorner.net\/es\/portfolio\/branding-para-una-florista-internacional-hanami-floral\/\" rel=\"next\"><span class=\"elementor-post-navigation__link__next\"><span class=\"post-navigation__next--label\">siguiente<\/span><span class=\"post-navigation__next--title\">Branding para una florista Internacional Hanami Floral<\/span><\/span><span class=\"post-navigation__arrow-wrapper post-navigation__arrow-next\"><svg aria-hidden=\"true\" class=\"e-font-icon-svg e-fas-caret-right\" viewBox=\"0 0 192 512\" xmlns=\"http:\/\/www.w3.org\/2000\/svg\"><path d=\"M0 384.662V127.338c0-17.818 21.543-26.741 34.142-14.142l128.662 128.662c7.81 7.81 7.81 20.474 0 28.284L34.142 398.804C21.543 411.404 0 402.48 0 384.662z\"><\/path><\/svg><span class=\"elementor-screen-only\">Siguiente<\/span><\/span><\/a>\t\t\t<\/div>\n\t\t<\/div>\n\t\t\t\t\t\t<\/div>\n\t\t\t\t<\/div>\n\t\t\t\t\t<\/div>\n\t\t<\/div>\n\t\t\t\t\t<\/div>\n\t\t<\/section>\n\t\t\t\t<section class=\"elementor-section elementor-top-section elementor-element elementor-element-09eb3cb elementor-section-boxed elementor-section-height-default elementor-section-height-default\" data-id=\"09eb3cb\" data-element_type=\"section\" data-e-type=\"section\" data-settings=\"{&quot;background_background&quot;:&quot;classic&quot;}\">\n\t\t\t\t\t\t<div class=\"elementor-container elementor-column-gap-default\">\n\t\t\t\t\t<div class=\"elementor-column elementor-col-100 elementor-top-column elementor-element elementor-element-706bf3a\" data-id=\"706bf3a\" data-element_type=\"column\" data-e-type=\"column\">\n\t\t\t<div class=\"elementor-widget-wrap elementor-element-populated\">\n\t\t\t\t\t\t<div class=\"elementor-element elementor-element-5a7be04 elementor-widget elementor-widget-text-editor\" data-id=\"5a7be04\" data-element_type=\"widget\" data-e-type=\"widget\" data-widget_type=\"text-editor.default\">\n\t\t\t\t<div class=\"elementor-widget-container\">\n\t\t\t\t\t\t\t\t\t<h3 style=\"text-align: center;\">QUIERO AYUDARTE A QUE TU NEGOCIO PROSPERE Y COMUNIQUE DESDE TU ESENCIA<\/h3><h2 style=\"text-align: center;\">\u00bfEST\u00c1S LISTA para crear una MARCA que DESTAQUE?<\/h2>\t\t\t\t\t\t\t\t<\/div>\n\t\t\t\t<\/div>\n\t\t\t\t<div class=\"elementor-element elementor-element-c0f6158 elementor-align-center elementor-widget elementor-widget-button\" data-id=\"c0f6158\" data-element_type=\"widget\" data-e-type=\"widget\" data-widget_type=\"button.default\">\n\t\t\t\t<div class=\"elementor-widget-container\">\n\t\t\t\t\t\t\t\t\t<div class=\"elementor-button-wrapper\">\n\t\t\t\t\t<a class=\"elementor-button elementor-button-link elementor-size-sm\" href=\"https:\/\/thevisualcorner.net\/es\/servicios-de-creacion-de-marca-branding\/\">\n\t\t\t\t\t\t<span class=\"elementor-button-content-wrapper\">\n\t\t\t\t\t\t\t\t\t<span class=\"elementor-button-text\">Trabaja conmigo<\/span>\n\t\t\t\t\t<\/span>\n\t\t\t\t\t<\/a>\n\t\t\t\t<\/div>\n\t\t\t\t\t\t\t\t<\/div>\n\t\t\t\t<\/div>\n\t\t\t\t<div class=\"elementor-element elementor-element-c80bd22 elementor-align-center elementor-widget elementor-widget-button\" data-id=\"c80bd22\" data-element_type=\"widget\" data-e-type=\"widget\" data-widget_type=\"button.default\">\n\t\t\t\t<div class=\"elementor-widget-container\">\n\t\t\t\t\t\t\t\t\t<div class=\"elementor-button-wrapper\">\n\t\t\t\t\t<a class=\"elementor-button elementor-button-link elementor-size-sm\" href=\"https:\/\/thevisualcorner.net\/es\/ponte-en-contacto\/\" target=\"_blank\">\n\t\t\t\t\t\t<span class=\"elementor-button-content-wrapper\">\n\t\t\t\t\t\t\t\t\t<span class=\"elementor-button-text\">Inicia un proyecto de branding<\/span>\n\t\t\t\t\t<\/span>\n\t\t\t\t\t<\/a>\n\t\t\t\t<\/div>\n\t\t\t\t\t\t\t\t<\/div>\n\t\t\t\t<\/div>\n\t\t\t\t\t<\/div>\n\t\t<\/div>\n\t\t\t\t\t<\/div>\n\t\t<\/section>\n\t\t\t\t<\/div>\n\t\t","protected":false},"excerpt":{"rendered":"<p>Consultor\u00eda, dise\u00f1o  minimalista y direcci\u00f3n creativa para la coach de estilo Patricia Pa\u00f1os por Mercy Guzm\u00e1n y Lena Karelova<\/p>\n","protected":false},"author":2,"featured_media":66850,"comment_status":"open","ping_status":"closed","template":"elementor_header_footer","meta":{"footnotes":""},"portfolio_category":[75,77],"portfolio_tag":[],"class_list":["post-66820","portfolio","type-portfolio","status-publish","has-post-thumbnail","hentry","portfolio_category-branding-es","portfolio_category-direccion-de-arte"],"_links":{"self":[{"href":"https:\/\/thevisualcorner.net\/es\/wp-json\/wp\/v2\/portfolio\/66820","targetHints":{"allow":["GET"]}}],"collection":[{"href":"https:\/\/thevisualcorner.net\/es\/wp-json\/wp\/v2\/portfolio"}],"about":[{"href":"https:\/\/thevisualcorner.net\/es\/wp-json\/wp\/v2\/types\/portfolio"}],"author":[{"embeddable":true,"href":"https:\/\/thevisualcorner.net\/es\/wp-json\/wp\/v2\/users\/2"}],"replies":[{"embeddable":true,"href":"https:\/\/thevisualcorner.net\/es\/wp-json\/wp\/v2\/comments?post=66820"}],"version-history":[{"count":0,"href":"https:\/\/thevisualcorner.net\/es\/wp-json\/wp\/v2\/portfolio\/66820\/revisions"}],"wp:featuredmedia":[{"embeddable":true,"href":"https:\/\/thevisualcorner.net\/es\/wp-json\/wp\/v2\/media\/66850"}],"wp:attachment":[{"href":"https:\/\/thevisualcorner.net\/es\/wp-json\/wp\/v2\/media?parent=66820"}],"wp:term":[{"taxonomy":"portfolio_category","embeddable":true,"href":"https:\/\/thevisualcorner.net\/es\/wp-json\/wp\/v2\/portfolio_category?post=66820"},{"taxonomy":"portfolio_tag","embeddable":true,"href":"https:\/\/thevisualcorner.net\/es\/wp-json\/wp\/v2\/portfolio_tag?post=66820"}],"curies":[{"name":"wp","href":"https:\/\/api.w.org\/{rel}","templated":true}]}}